{"id":62,"date":"2020-11-16T21:59:49","date_gmt":"2020-11-16T21:59:49","guid":{"rendered":"https:\/\/2021jlid.de\/?page_id=62"},"modified":"2021-04-19T13:42:33","modified_gmt":"2021-04-19T13:42:33","slug":"321-2021","status":"publish","type":"page","link":"https:\/\/2021jlid.de\/en\/321-2021\/","title":{"rendered":"Opening Ceremony"},"content":{"rendered":"\n<div class=\"wp-block-jlid-text-teaser-four-sections-link\"><div class=\"teaser-title\">Opening Ceremony<\/div><div class=\"teaser-subtitle\">\u201c1700 YEARS OF JEWISH LIFE IN\u00a0GERMANY&#8221;<\/div><div class=\"teaser-highlited-text\"><strong>21 FEBRUARY 2021<\/strong><\/div><div class=\"teaser-text\">The official kickoff of the Year of Celebration took place on Sunday, 21 February 2021 with our 1700 Years of Jewish Life in Germany opening ceremony. The event was broadcast at 4:30 p.m. CET on Das Erste, the German TV program on Deutsche Welle, and on phoenix.<br\/><br\/>The viewing and listening audience enjoyed a kaleidoscope of what makes up Jewish life in Germany today. Jewish young people shared their perspectives, their view of the past, and their expectations of the future. Public figures including rapper and author Ben Salomo, actress and author Susan Sideropoulos, and actor Alexander Wertmann stressed the importance of a future together \u2013 especially in times of rising animosity.\u00a0<br\/><br\/>Where do we stand today? Where are we headed in the future? And how well do we know each other? These are all questions that the prominent guests touched on in their addresses: #2021JLID Year of Celebration patron, Federal President Frank-Walter Steinmeier; NRW Minister President Armin Laschet; President of the Central Council of Jews in Germany, Dr. Josef Schuster; and Chair of the Synagogue Community of Cologne, Abraham Lehrer.<br\/><br\/>Cologne\u2019s mayor, Henriette Reker, gave a tour of the historical Jewish district currently under excavation as an archaeological site; the new Jewish Museum of Cologne will stand on the location. The opening ceremony was hosted by Berlin journalist Shelly Kupferberg.<br\/><a rel=\"noreferrer noopener\" href=\"http:\/\/www.kulturstaatsministerin.de\" target=\"_blank\">DIE BEAUFTRAGTE DER BUNDESREGIERUNG F\u00dcR KULTUR UND MEDIEN<\/a><\/div><\/div>\n\n\n\n<iframe loading=\"lazy\" src=\"https:\/\/www.ardmediathek.de\/embed\/Y3JpZDovL2Rhc2Vyc3RlLmRlL2FyZC1zb25kZXJzZW5kdW5nLzA3NzZmMGZlLWRlODAtNDkwYy1iYmJhLWVjNTM1MTI0NDAwMg\" width=\"640\" height=\"420\" allowfullscreen=\"\" frameborder=\"0\" scrolling=\"no\"><\/iframe>\n\n\n\n<div class=\"wp-block-jlid-headline-text teaser-align-center version-2\"><h2 class=\"teaser-headline\"><strong>OPENING CEREMONY<\/strong>\u00a0<\/h2><h2 class=\"teaser-title\">GUESTS<\/h2><div class=\"teaser-text\">We wish to extend a special thanks to everyone who contributed to this unique opening ceremony, helping to honor 1700 years of Jewish life in Germany and make the Jewish experience in Germany today come alive. The following public figures were among the evening\u2019s participants and guests:<br>\u00a0<\/div><\/div>\n\n\n\n<figure class=\"wp-block-gallery columns-3 is-cropped\"><ul class=\"blocks-gallery-grid\"><li class=\"blocks-gallery-item\"><figure><img loading=\"lazy\" width=\"1024\" height=\"1024\" src=\"https:\/\/2021jlid.de\/wp-content\/uploads\/2021\/02\/Steinmeier_Festakt_1y-1024x1024.jpg\" alt=\"\" data-id=\"3233\" data-full-url=\"https:\/\/2021jlid.de\/wp-content\/uploads\/2021\/02\/Steinmeier_Festakt_1y.jpg\" data-link=\"https:\/\/2021jlid.de\/en\/321-2021\/steinmeier_festakt_1y\/\" class=\"wp-image-3233\" srcset=\"https:\/\/2021jlid.de\/wp-content\/uploads\/2021\/02\/Steinmeier_Festakt_1y-1024x1024.jpg 1024w, https:\/\/2021jlid.de\/wp-content\/uploads\/2021\/02\/Steinmeier_Festakt_1y-300x300.jpg 300w, https:\/\/2021jlid.de\/wp-content\/uploads\/2021\/02\/Steinmeier_Festakt_1y-150x150.jpg 150w, https:\/\/2021jlid.de\/wp-content\/uploads\/2021\/02\/Steinmeier_Festakt_1y-768x768.jpg 768w, https:\/\/2021jlid.de\/wp-content\/uploads\/2021\/02\/Steinmeier_Festakt_1y-868x868.jpg 868w, https:\/\/2021jlid.de\/wp-content\/uploads\/2021\/02\/Steinmeier_Festakt_1y-434x434.jpg 434w, https:\/\/2021jlid.de\/wp-content\/uploads\/2021\/02\/Steinmeier_Festakt_1y-246x246.jpg 246w, https:\/\/2021jlid.de\/wp-content\/uploads\/2021\/02\/Steinmeier_Festakt_1y-123x123.jpg 123w, https:\/\/2021jlid.de\/wp-content\/uploads\/2021\/02\/Steinmeier_Festakt_1y-812x812.jpg 812w, https:\/\/2021jlid.de\/wp-content\/uploads\/2021\/02\/Steinmeier_Festakt_1y-934x934.jpg 934w, https:\/\/2021jlid.de\/wp-content\/uploads\/2021\/02\/Steinmeier_Festakt_1y-467x467.jpg 467w, https:\/\/2021jlid.de\/wp-content\/uploads\/2021\/02\/Steinmeier_Festakt_1y-534x534.jpg 534w, https:\/\/2021jlid.de\/wp-content\/uploads\/2021\/02\/Steinmeier_Festakt_1y-267x267.jpg 267w, https:\/\/2021jlid.de\/wp-content\/uploads\/2021\/02\/Steinmeier_Festakt_1y-400x400.jpg 400w, https:\/\/2021jlid.de\/wp-content\/uploads\/2021\/02\/Steinmeier_Festakt_1y-200x200.jpg 200w, https:\/\/2021jlid.de\/wp-content\/uploads\/2021\/02\/Steinmeier_Festakt_1y-152x152.jpg 152w, https:\/\/2021jlid.de\/wp-content\/uploads\/2021\/02\/Steinmeier_Festakt_1y-76x76.jpg 76w, https:\/\/2021jlid.de\/wp-content\/uploads\/2021\/02\/Steinmeier_Festakt_1y.jpg 1080w\" sizes=\"(max-width: 1024px) 100vw, 1024px\" \/><\/figure><\/li><li class=\"blocks-gallery-item\"><figure><img loading=\"lazy\" width=\"1024\" height=\"1024\" src=\"https:\/\/2021jlid.de\/wp-content\/uploads\/2021\/02\/Laschet_Festakt_1-1024x1024.jpg\" alt=\"\" data-id=\"3237\" data-full-url=\"https:\/\/2021jlid.de\/wp-content\/uploads\/2021\/02\/Laschet_Festakt_1.jpg\" data-link=\"https:\/\/2021jlid.de\/en\/321-2021\/laschet_festakt_1\/\" class=\"wp-image-3237\" srcset=\"https:\/\/2021jlid.de\/wp-content\/uploads\/2021\/02\/Laschet_Festakt_1-1024x1024.jpg 1024w, https:\/\/2021jlid.de\/wp-content\/uploads\/2021\/02\/Laschet_Festakt_1-300x300.jpg 300w, https:\/\/2021jlid.de\/wp-content\/uploads\/2021\/02\/Laschet_Festakt_1-150x150.jpg 150w, https:\/\/2021jlid.de\/wp-content\/uploads\/2021\/02\/Laschet_Festakt_1-768x768.jpg 768w, https:\/\/2021jlid.de\/wp-content\/uploads\/2021\/02\/Laschet_Festakt_1-868x868.jpg 868w, https:\/\/2021jlid.de\/wp-content\/uploads\/2021\/02\/Laschet_Festakt_1-434x434.jpg 434w, https:\/\/2021jlid.de\/wp-content\/uploads\/2021\/02\/Laschet_Festakt_1-246x246.jpg 246w, https:\/\/2021jlid.de\/wp-content\/uploads\/2021\/02\/Laschet_Festakt_1-123x123.jpg 123w, https:\/\/2021jlid.de\/wp-content\/uploads\/2021\/02\/Laschet_Festakt_1-812x812.jpg 812w, https:\/\/2021jlid.de\/wp-content\/uploads\/2021\/02\/Laschet_Festakt_1-934x934.jpg 934w, https:\/\/2021jlid.de\/wp-content\/uploads\/2021\/02\/Laschet_Festakt_1-467x467.jpg 467w, https:\/\/2021jlid.de\/wp-content\/uploads\/2021\/02\/Laschet_Festakt_1-534x534.jpg 534w, https:\/\/2021jlid.de\/wp-content\/uploads\/2021\/02\/Laschet_Festakt_1-267x267.jpg 267w, https:\/\/2021jlid.de\/wp-content\/uploads\/2021\/02\/Laschet_Festakt_1-400x400.jpg 400w, https:\/\/2021jlid.de\/wp-content\/uploads\/2021\/02\/Laschet_Festakt_1-200x200.jpg 200w, https:\/\/2021jlid.de\/wp-content\/uploads\/2021\/02\/Laschet_Festakt_1-152x152.jpg 152w, https:\/\/2021jlid.de\/wp-content\/uploads\/2021\/02\/Laschet_Festakt_1-76x76.jpg 76w, https:\/\/2021jlid.de\/wp-content\/uploads\/2021\/02\/Laschet_Festakt_1.jpg 1080w\" sizes=\"(max-width: 1024px) 100vw, 1024px\" \/><\/figure><\/li><li class=\"blocks-gallery-item\"><figure><img loading=\"lazy\" width=\"1024\" height=\"1024\" src=\"https:\/\/2021jlid.de\/wp-content\/uploads\/2021\/02\/Schuster_Festakt_1-1024x1024.jpg\" alt=\"\" data-id=\"3234\" data-full-url=\"https:\/\/2021jlid.de\/wp-content\/uploads\/2021\/02\/Schuster_Festakt_1.jpg\" data-link=\"https:\/\/2021jlid.de\/en\/321-2021\/schuster_festakt_1\/\" class=\"wp-image-3234\" srcset=\"https:\/\/2021jlid.de\/wp-content\/uploads\/2021\/02\/Schuster_Festakt_1-1024x1024.jpg 1024w, https:\/\/2021jlid.de\/wp-content\/uploads\/2021\/02\/Schuster_Festakt_1-300x300.jpg 300w, https:\/\/2021jlid.de\/wp-content\/uploads\/2021\/02\/Schuster_Festakt_1-150x150.jpg 150w, https:\/\/2021jlid.de\/wp-content\/uploads\/2021\/02\/Schuster_Festakt_1-768x768.jpg 768w, https:\/\/2021jlid.de\/wp-content\/uploads\/2021\/02\/Schuster_Festakt_1-868x868.jpg 868w, https:\/\/2021jlid.de\/wp-content\/uploads\/2021\/02\/Schuster_Festakt_1-434x434.jpg 434w, https:\/\/2021jlid.de\/wp-content\/uploads\/2021\/02\/Schuster_Festakt_1-246x246.jpg 246w, https:\/\/2021jlid.de\/wp-content\/uploads\/2021\/02\/Schuster_Festakt_1-123x123.jpg 123w, https:\/\/2021jlid.de\/wp-content\/uploads\/2021\/02\/Schuster_Festakt_1-812x812.jpg 812w, https:\/\/2021jlid.de\/wp-content\/uploads\/2021\/02\/Schuster_Festakt_1-934x934.jpg 934w, https:\/\/2021jlid.de\/wp-content\/uploads\/2021\/02\/Schuster_Festakt_1-467x467.jpg 467w, https:\/\/2021jlid.de\/wp-content\/uploads\/2021\/02\/Schuster_Festakt_1-534x534.jpg 534w, https:\/\/2021jlid.de\/wp-content\/uploads\/2021\/02\/Schuster_Festakt_1-267x267.jpg 267w, https:\/\/2021jlid.de\/wp-content\/uploads\/2021\/02\/Schuster_Festakt_1-400x400.jpg 400w, https:\/\/2021jlid.de\/wp-content\/uploads\/2021\/02\/Schuster_Festakt_1-200x200.jpg 200w, https:\/\/2021jlid.de\/wp-content\/uploads\/2021\/02\/Schuster_Festakt_1-152x152.jpg 152w, https:\/\/2021jlid.de\/wp-content\/uploads\/2021\/02\/Schuster_Festakt_1-76x76.jpg 76w, https:\/\/2021jlid.de\/wp-content\/uploads\/2021\/02\/Schuster_Festakt_1.jpg 1080w\" sizes=\"(max-width: 1024px) 100vw, 1024px\" \/><\/figure><\/li><li class=\"blocks-gallery-item\"><figure><img loading=\"lazy\" width=\"1024\" height=\"1024\" src=\"https:\/\/2021jlid.de\/wp-content\/uploads\/2021\/02\/Lehrer_Festakt_1-1024x1024.jpg\" alt=\"\" data-id=\"3230\" data-full-url=\"https:\/\/2021jlid.de\/wp-content\/uploads\/2021\/02\/Lehrer_Festakt_1.jpg\" data-link=\"https:\/\/2021jlid.de\/en\/321-2021\/lehrer_festakt_1\/\" class=\"wp-image-3230\" srcset=\"https:\/\/2021jlid.de\/wp-content\/uploads\/2021\/02\/Lehrer_Festakt_1-1024x1024.jpg 1024w, https:\/\/2021jlid.de\/wp-content\/uploads\/2021\/02\/Lehrer_Festakt_1-300x300.jpg 300w, https:\/\/2021jlid.de\/wp-content\/uploads\/2021\/02\/Lehrer_Festakt_1-150x150.jpg 150w, https:\/\/2021jlid.de\/wp-content\/uploads\/2021\/02\/Lehrer_Festakt_1-768x768.jpg 768w, https:\/\/2021jlid.de\/wp-content\/uploads\/2021\/02\/Lehrer_Festakt_1-868x868.jpg 868w, https:\/\/2021jlid.de\/wp-content\/uploads\/2021\/02\/Lehrer_Festakt_1-434x434.jpg 434w, https:\/\/2021jlid.de\/wp-content\/uploads\/2021\/02\/Lehrer_Festakt_1-246x246.jpg 246w, https:\/\/2021jlid.de\/wp-content\/uploads\/2021\/02\/Lehrer_Festakt_1-123x123.jpg 123w, https:\/\/2021jlid.de\/wp-content\/uploads\/2021\/02\/Lehrer_Festakt_1-812x812.jpg 812w, https:\/\/2021jlid.de\/wp-content\/uploads\/2021\/02\/Lehrer_Festakt_1-934x934.jpg 934w, https:\/\/2021jlid.de\/wp-content\/uploads\/2021\/02\/Lehrer_Festakt_1-467x467.jpg 467w, https:\/\/2021jlid.de\/wp-content\/uploads\/2021\/02\/Lehrer_Festakt_1-534x534.jpg 534w, https:\/\/2021jlid.de\/wp-content\/uploads\/2021\/02\/Lehrer_Festakt_1-267x267.jpg 267w, https:\/\/2021jlid.de\/wp-content\/uploads\/2021\/02\/Lehrer_Festakt_1-400x400.jpg 400w, https:\/\/2021jlid.de\/wp-content\/uploads\/2021\/02\/Lehrer_Festakt_1-200x200.jpg 200w, https:\/\/2021jlid.de\/wp-content\/uploads\/2021\/02\/Lehrer_Festakt_1-152x152.jpg 152w, https:\/\/2021jlid.de\/wp-content\/uploads\/2021\/02\/Lehrer_Festakt_1-76x76.jpg 76w, https:\/\/2021jlid.de\/wp-content\/uploads\/2021\/02\/Lehrer_Festakt_1.jpg 1080w\" sizes=\"(max-width: 1024px) 100vw, 1024px\" \/><\/figure><\/li><li class=\"blocks-gallery-item\"><figure><img loading=\"lazy\" width=\"1024\" height=\"1024\" src=\"https:\/\/2021jlid.de\/wp-content\/uploads\/2021\/02\/Rivlin_Festakt_1-1024x1024.jpg\" alt=\"\" data-id=\"2546\" data-full-url=\"https:\/\/2021jlid.de\/wp-content\/uploads\/2021\/02\/Rivlin_Festakt_1.jpg\" data-link=\"https:\/\/2021jlid.de\/en\/321-2021\/rivlin_festakt_1-2\/\" class=\"wp-image-2546\" srcset=\"https:\/\/2021jlid.de\/wp-content\/uploads\/2021\/02\/Rivlin_Festakt_1-1024x1024.jpg 1024w, https:\/\/2021jlid.de\/wp-content\/uploads\/2021\/02\/Rivlin_Festakt_1-300x300.jpg 300w, https:\/\/2021jlid.de\/wp-content\/uploads\/2021\/02\/Rivlin_Festakt_1-150x150.jpg 150w, https:\/\/2021jlid.de\/wp-content\/uploads\/2021\/02\/Rivlin_Festakt_1-768x768.jpg 768w, https:\/\/2021jlid.de\/wp-content\/uploads\/2021\/02\/Rivlin_Festakt_1-868x868.jpg 868w, https:\/\/2021jlid.de\/wp-content\/uploads\/2021\/02\/Rivlin_Festakt_1-434x434.jpg 434w, https:\/\/2021jlid.de\/wp-content\/uploads\/2021\/02\/Rivlin_Festakt_1-246x246.jpg 246w, https:\/\/2021jlid.de\/wp-content\/uploads\/2021\/02\/Rivlin_Festakt_1-123x123.jpg 123w, https:\/\/2021jlid.de\/wp-content\/uploads\/2021\/02\/Rivlin_Festakt_1-812x812.jpg 812w, https:\/\/2021jlid.de\/wp-content\/uploads\/2021\/02\/Rivlin_Festakt_1-934x934.jpg 934w, https:\/\/2021jlid.de\/wp-content\/uploads\/2021\/02\/Rivlin_Festakt_1-467x467.jpg 467w, https:\/\/2021jlid.de\/wp-content\/uploads\/2021\/02\/Rivlin_Festakt_1-534x534.jpg 534w, https:\/\/2021jlid.de\/wp-content\/uploads\/2021\/02\/Rivlin_Festakt_1-267x267.jpg 267w, https:\/\/2021jlid.de\/wp-content\/uploads\/2021\/02\/Rivlin_Festakt_1-400x400.jpg 400w, https:\/\/2021jlid.de\/wp-content\/uploads\/2021\/02\/Rivlin_Festakt_1-200x200.jpg 200w, https:\/\/2021jlid.de\/wp-content\/uploads\/2021\/02\/Rivlin_Festakt_1-152x152.jpg 152w, https:\/\/2021jlid.de\/wp-content\/uploads\/2021\/02\/Rivlin_Festakt_1-76x76.jpg 76w, https:\/\/2021jlid.de\/wp-content\/uploads\/2021\/02\/Rivlin_Festakt_1.jpg 1080w\" sizes=\"(max-width: 1024px) 100vw, 1024px\" \/><\/figure><\/li><li class=\"blocks-gallery-item\"><figure><img loading=\"lazy\" width=\"1024\" height=\"1024\" src=\"https:\/\/2021jlid.de\/wp-content\/uploads\/2021\/02\/Reker_Festakt_1-1024x1024.jpg\" alt=\"\" data-id=\"3238\" data-full-url=\"https:\/\/2021jlid.de\/wp-content\/uploads\/2021\/02\/Reker_Festakt_1.jpg\" data-link=\"https:\/\/2021jlid.de\/en\/321-2021\/reker_festakt_1\/\" class=\"wp-image-3238\" srcset=\"https:\/\/2021jlid.de\/wp-content\/uploads\/2021\/02\/Reker_Festakt_1-1024x1024.jpg 1024w, https:\/\/2021jlid.de\/wp-content\/uploads\/2021\/02\/Reker_Festakt_1-300x300.jpg 300w, https:\/\/2021jlid.de\/wp-content\/uploads\/2021\/02\/Reker_Festakt_1-150x150.jpg 150w, https:\/\/2021jlid.de\/wp-content\/uploads\/2021\/02\/Reker_Festakt_1-768x768.jpg 768w, https:\/\/2021jlid.de\/wp-content\/uploads\/2021\/02\/Reker_Festakt_1-868x868.jpg 868w, https:\/\/2021jlid.de\/wp-content\/uploads\/2021\/02\/Reker_Festakt_1-434x434.jpg 434w, https:\/\/2021jlid.de\/wp-content\/uploads\/2021\/02\/Reker_Festakt_1-246x246.jpg 246w, https:\/\/2021jlid.de\/wp-content\/uploads\/2021\/02\/Reker_Festakt_1-123x123.jpg 123w, https:\/\/2021jlid.de\/wp-content\/uploads\/2021\/02\/Reker_Festakt_1-812x812.jpg 812w, https:\/\/2021jlid.de\/wp-content\/uploads\/2021\/02\/Reker_Festakt_1-934x934.jpg 934w, https:\/\/2021jlid.de\/wp-content\/uploads\/2021\/02\/Reker_Festakt_1-467x467.jpg 467w, https:\/\/2021jlid.de\/wp-content\/uploads\/2021\/02\/Reker_Festakt_1-534x534.jpg 534w, https:\/\/2021jlid.de\/wp-content\/uploads\/2021\/02\/Reker_Festakt_1-267x267.jpg 267w, https:\/\/2021jlid.de\/wp-content\/uploads\/2021\/02\/Reker_Festakt_1-400x400.jpg 400w, https:\/\/2021jlid.de\/wp-content\/uploads\/2021\/02\/Reker_Festakt_1-200x200.jpg 200w, https:\/\/2021jlid.de\/wp-content\/uploads\/2021\/02\/Reker_Festakt_1-152x152.jpg 152w, https:\/\/2021jlid.de\/wp-content\/uploads\/2021\/02\/Reker_Festakt_1-76x76.jpg 76w, https:\/\/2021jlid.de\/wp-content\/uploads\/2021\/02\/Reker_Festakt_1.jpg 1080w\" sizes=\"(max-width: 1024px) 100vw, 1024px\" \/><\/figure><\/li><li class=\"blocks-gallery-item\"><figure><img loading=\"lazy\" width=\"1024\" height=\"1024\" src=\"https:\/\/2021jlid.de\/wp-content\/uploads\/2021\/02\/Kupferberg_Festakt_1-1024x1024.jpg\" alt=\"\" data-id=\"3231\" data-full-url=\"https:\/\/2021jlid.de\/wp-content\/uploads\/2021\/02\/Kupferberg_Festakt_1.jpg\" data-link=\"https:\/\/2021jlid.de\/en\/321-2021\/kupferberg_festakt_1\/\" class=\"wp-image-3231\" srcset=\"https:\/\/2021jlid.de\/wp-content\/uploads\/2021\/02\/Kupferberg_Festakt_1-1024x1024.jpg 1024w, https:\/\/2021jlid.de\/wp-content\/uploads\/2021\/02\/Kupferberg_Festakt_1-300x300.jpg 300w, https:\/\/2021jlid.de\/wp-content\/uploads\/2021\/02\/Kupferberg_Festakt_1-150x150.jpg 150w, https:\/\/2021jlid.de\/wp-content\/uploads\/2021\/02\/Kupferberg_Festakt_1-768x768.jpg 768w, https:\/\/2021jlid.de\/wp-content\/uploads\/2021\/02\/Kupferberg_Festakt_1-868x868.jpg 868w, https:\/\/2021jlid.de\/wp-content\/uploads\/2021\/02\/Kupferberg_Festakt_1-434x434.jpg 434w, https:\/\/2021jlid.de\/wp-content\/uploads\/2021\/02\/Kupferberg_Festakt_1-246x246.jpg 246w, https:\/\/2021jlid.de\/wp-content\/uploads\/2021\/02\/Kupferberg_Festakt_1-123x123.jpg 123w, https:\/\/2021jlid.de\/wp-content\/uploads\/2021\/02\/Kupferberg_Festakt_1-812x812.jpg 812w, https:\/\/2021jlid.de\/wp-content\/uploads\/2021\/02\/Kupferberg_Festakt_1-934x934.jpg 934w, https:\/\/2021jlid.de\/wp-content\/uploads\/2021\/02\/Kupferberg_Festakt_1-467x467.jpg 467w, https:\/\/2021jlid.de\/wp-content\/uploads\/2021\/02\/Kupferberg_Festakt_1-534x534.jpg 534w, https:\/\/2021jlid.de\/wp-content\/uploads\/2021\/02\/Kupferberg_Festakt_1-267x267.jpg 267w, https:\/\/2021jlid.de\/wp-content\/uploads\/2021\/02\/Kupferberg_Festakt_1-400x400.jpg 400w, https:\/\/2021jlid.de\/wp-content\/uploads\/2021\/02\/Kupferberg_Festakt_1-200x200.jpg 200w, https:\/\/2021jlid.de\/wp-content\/uploads\/2021\/02\/Kupferberg_Festakt_1-152x152.jpg 152w, https:\/\/2021jlid.de\/wp-content\/uploads\/2021\/02\/Kupferberg_Festakt_1-76x76.jpg 76w, https:\/\/2021jlid.de\/wp-content\/uploads\/2021\/02\/Kupferberg_Festakt_1.jpg 1080w\" sizes=\"(max-width: 1024px) 100vw, 1024px\" \/><\/figure><\/li><li class=\"blocks-gallery-item\"><figure><img loading=\"lazy\" width=\"1024\" height=\"1024\" src=\"https:\/\/2021jlid.de\/wp-content\/uploads\/2021\/02\/Salomo_Festakt_1-1024x1024.jpg\" alt=\"\" data-id=\"3239\" data-full-url=\"https:\/\/2021jlid.de\/wp-content\/uploads\/2021\/02\/Salomo_Festakt_1.jpg\" data-link=\"https:\/\/2021jlid.de\/en\/321-2021\/salomo_festakt_1\/\" class=\"wp-image-3239\" srcset=\"https:\/\/2021jlid.de\/wp-content\/uploads\/2021\/02\/Salomo_Festakt_1-1024x1024.jpg 1024w, https:\/\/2021jlid.de\/wp-content\/uploads\/2021\/02\/Salomo_Festakt_1-300x300.jpg 300w, https:\/\/2021jlid.de\/wp-content\/uploads\/2021\/02\/Salomo_Festakt_1-150x150.jpg 150w, https:\/\/2021jlid.de\/wp-content\/uploads\/2021\/02\/Salomo_Festakt_1-768x768.jpg 768w, https:\/\/2021jlid.de\/wp-content\/uploads\/2021\/02\/Salomo_Festakt_1-868x868.jpg 868w, https:\/\/2021jlid.de\/wp-content\/uploads\/2021\/02\/Salomo_Festakt_1-434x434.jpg 434w, https:\/\/2021jlid.de\/wp-content\/uploads\/2021\/02\/Salomo_Festakt_1-246x246.jpg 246w, https:\/\/2021jlid.de\/wp-content\/uploads\/2021\/02\/Salomo_Festakt_1-123x123.jpg 123w, https:\/\/2021jlid.de\/wp-content\/uploads\/2021\/02\/Salomo_Festakt_1-812x812.jpg 812w, https:\/\/2021jlid.de\/wp-content\/uploads\/2021\/02\/Salomo_Festakt_1-934x934.jpg 934w, https:\/\/2021jlid.de\/wp-content\/uploads\/2021\/02\/Salomo_Festakt_1-467x467.jpg 467w, https:\/\/2021jlid.de\/wp-content\/uploads\/2021\/02\/Salomo_Festakt_1-534x534.jpg 534w, https:\/\/2021jlid.de\/wp-content\/uploads\/2021\/02\/Salomo_Festakt_1-267x267.jpg 267w, https:\/\/2021jlid.de\/wp-content\/uploads\/2021\/02\/Salomo_Festakt_1-400x400.jpg 400w, https:\/\/2021jlid.de\/wp-content\/uploads\/2021\/02\/Salomo_Festakt_1-200x200.jpg 200w, https:\/\/2021jlid.de\/wp-content\/uploads\/2021\/02\/Salomo_Festakt_1-152x152.jpg 152w, https:\/\/2021jlid.de\/wp-content\/uploads\/2021\/02\/Salomo_Festakt_1-76x76.jpg 76w, https:\/\/2021jlid.de\/wp-content\/uploads\/2021\/02\/Salomo_Festakt_1.jpg 1080w\" sizes=\"(max-width: 1024px) 100vw, 1024px\" \/><\/figure><\/li><li class=\"blocks-gallery-item\"><figure><img loading=\"lazy\" width=\"1024\" height=\"1024\" src=\"https:\/\/2021jlid.de\/wp-content\/uploads\/2021\/02\/Sideropoulos_Festakt_1-1024x1024.jpg\" alt=\"\" data-id=\"3240\" data-full-url=\"https:\/\/2021jlid.de\/wp-content\/uploads\/2021\/02\/Sideropoulos_Festakt_1.jpg\" data-link=\"https:\/\/2021jlid.de\/en\/321-2021\/sideropoulos_festakt_1\/\" class=\"wp-image-3240\" srcset=\"https:\/\/2021jlid.de\/wp-content\/uploads\/2021\/02\/Sideropoulos_Festakt_1-1024x1024.jpg 1024w, https:\/\/2021jlid.de\/wp-content\/uploads\/2021\/02\/Sideropoulos_Festakt_1-300x300.jpg 300w, https:\/\/2021jlid.de\/wp-content\/uploads\/2021\/02\/Sideropoulos_Festakt_1-150x150.jpg 150w, https:\/\/2021jlid.de\/wp-content\/uploads\/2021\/02\/Sideropoulos_Festakt_1-768x768.jpg 768w, https:\/\/2021jlid.de\/wp-content\/uploads\/2021\/02\/Sideropoulos_Festakt_1-868x868.jpg 868w, https:\/\/2021jlid.de\/wp-content\/uploads\/2021\/02\/Sideropoulos_Festakt_1-434x434.jpg 434w, https:\/\/2021jlid.de\/wp-content\/uploads\/2021\/02\/Sideropoulos_Festakt_1-246x246.jpg 246w, https:\/\/2021jlid.de\/wp-content\/uploads\/2021\/02\/Sideropoulos_Festakt_1-123x123.jpg 123w, https:\/\/2021jlid.de\/wp-content\/uploads\/2021\/02\/Sideropoulos_Festakt_1-812x812.jpg 812w, https:\/\/2021jlid.de\/wp-content\/uploads\/2021\/02\/Sideropoulos_Festakt_1-934x934.jpg 934w, https:\/\/2021jlid.de\/wp-content\/uploads\/2021\/02\/Sideropoulos_Festakt_1-467x467.jpg 467w, https:\/\/2021jlid.de\/wp-content\/uploads\/2021\/02\/Sideropoulos_Festakt_1-534x534.jpg 534w, https:\/\/2021jlid.de\/wp-content\/uploads\/2021\/02\/Sideropoulos_Festakt_1-267x267.jpg 267w, https:\/\/2021jlid.de\/wp-content\/uploads\/2021\/02\/Sideropoulos_Festakt_1-400x400.jpg 400w, https:\/\/2021jlid.de\/wp-content\/uploads\/2021\/02\/Sideropoulos_Festakt_1-200x200.jpg 200w, https:\/\/2021jlid.de\/wp-content\/uploads\/2021\/02\/Sideropoulos_Festakt_1-152x152.jpg 152w, https:\/\/2021jlid.de\/wp-content\/uploads\/2021\/02\/Sideropoulos_Festakt_1-76x76.jpg 76w, https:\/\/2021jlid.de\/wp-content\/uploads\/2021\/02\/Sideropoulos_Festakt_1.jpg 1080w\" sizes=\"(max-width: 1024px) 100vw, 1024px\" \/><\/figure><\/li><li class=\"blocks-gallery-item\"><figure><img loading=\"lazy\" width=\"1024\" height=\"1024\" src=\"https:\/\/2021jlid.de\/wp-content\/uploads\/2021\/02\/Wertmann_Festak_1-1024x1024.jpg\" alt=\"\" data-id=\"3232\" data-full-url=\"https:\/\/2021jlid.de\/wp-content\/uploads\/2021\/02\/Wertmann_Festak_1.jpg\" data-link=\"https:\/\/2021jlid.de\/en\/321-2021\/wertmann_festak_1\/\" class=\"wp-image-3232\" srcset=\"https:\/\/2021jlid.de\/wp-content\/uploads\/2021\/02\/Wertmann_Festak_1-1024x1024.jpg 1024w, https:\/\/2021jlid.de\/wp-content\/uploads\/2021\/02\/Wertmann_Festak_1-300x300.jpg 300w, https:\/\/2021jlid.de\/wp-content\/uploads\/2021\/02\/Wertmann_Festak_1-150x150.jpg 150w, https:\/\/2021jlid.de\/wp-content\/uploads\/2021\/02\/Wertmann_Festak_1-768x768.jpg 768w, https:\/\/2021jlid.de\/wp-content\/uploads\/2021\/02\/Wertmann_Festak_1-868x868.jpg 868w, https:\/\/2021jlid.de\/wp-content\/uploads\/2021\/02\/Wertmann_Festak_1-434x434.jpg 434w, https:\/\/2021jlid.de\/wp-content\/uploads\/2021\/02\/Wertmann_Festak_1-246x246.jpg 246w, https:\/\/2021jlid.de\/wp-content\/uploads\/2021\/02\/Wertmann_Festak_1-123x123.jpg 123w, https:\/\/2021jlid.de\/wp-content\/uploads\/2021\/02\/Wertmann_Festak_1-812x812.jpg 812w, https:\/\/2021jlid.de\/wp-content\/uploads\/2021\/02\/Wertmann_Festak_1-934x934.jpg 934w, https:\/\/2021jlid.de\/wp-content\/uploads\/2021\/02\/Wertmann_Festak_1-467x467.jpg 467w, https:\/\/2021jlid.de\/wp-content\/uploads\/2021\/02\/Wertmann_Festak_1-534x534.jpg 534w, https:\/\/2021jlid.de\/wp-content\/uploads\/2021\/02\/Wertmann_Festak_1-267x267.jpg 267w, https:\/\/2021jlid.de\/wp-content\/uploads\/2021\/02\/Wertmann_Festak_1-400x400.jpg 400w, https:\/\/2021jlid.de\/wp-content\/uploads\/2021\/02\/Wertmann_Festak_1-200x200.jpg 200w, https:\/\/2021jlid.de\/wp-content\/uploads\/2021\/02\/Wertmann_Festak_1-152x152.jpg 152w, https:\/\/2021jlid.de\/wp-content\/uploads\/2021\/02\/Wertmann_Festak_1-76x76.jpg 76w, https:\/\/2021jlid.de\/wp-content\/uploads\/2021\/02\/Wertmann_Festak_1.jpg 1080w\" sizes=\"(max-width: 1024px) 100vw, 1024px\" \/><\/figure><\/li><li class=\"blocks-gallery-item\"><figure><img loading=\"lazy\" width=\"1024\" height=\"1024\" src=\"https:\/\/2021jlid.de\/wp-content\/uploads\/2021\/02\/Kanner_Festakt_1jpg-1024x1024.jpg\" alt=\"\" data-id=\"3236\" data-full-url=\"https:\/\/2021jlid.de\/wp-content\/uploads\/2021\/02\/Kanner_Festakt_1jpg.jpg\" data-link=\"https:\/\/2021jlid.de\/en\/321-2021\/kanner_festakt_1jpg\/\" class=\"wp-image-3236\" srcset=\"https:\/\/2021jlid.de\/wp-content\/uploads\/2021\/02\/Kanner_Festakt_1jpg-1024x1024.jpg 1024w, https:\/\/2021jlid.de\/wp-content\/uploads\/2021\/02\/Kanner_Festakt_1jpg-300x300.jpg 300w, https:\/\/2021jlid.de\/wp-content\/uploads\/2021\/02\/Kanner_Festakt_1jpg-150x150.jpg 150w, https:\/\/2021jlid.de\/wp-content\/uploads\/2021\/02\/Kanner_Festakt_1jpg-768x768.jpg 768w, https:\/\/2021jlid.de\/wp-content\/uploads\/2021\/02\/Kanner_Festakt_1jpg-868x868.jpg 868w, https:\/\/2021jlid.de\/wp-content\/uploads\/2021\/02\/Kanner_Festakt_1jpg-434x434.jpg 434w, https:\/\/2021jlid.de\/wp-content\/uploads\/2021\/02\/Kanner_Festakt_1jpg-246x246.jpg 246w, https:\/\/2021jlid.de\/wp-content\/uploads\/2021\/02\/Kanner_Festakt_1jpg-123x123.jpg 123w, https:\/\/2021jlid.de\/wp-content\/uploads\/2021\/02\/Kanner_Festakt_1jpg-812x812.jpg 812w, https:\/\/2021jlid.de\/wp-content\/uploads\/2021\/02\/Kanner_Festakt_1jpg-934x934.jpg 934w, https:\/\/2021jlid.de\/wp-content\/uploads\/2021\/02\/Kanner_Festakt_1jpg-467x467.jpg 467w, https:\/\/2021jlid.de\/wp-content\/uploads\/2021\/02\/Kanner_Festakt_1jpg-534x534.jpg 534w, https:\/\/2021jlid.de\/wp-content\/uploads\/2021\/02\/Kanner_Festakt_1jpg-267x267.jpg 267w, https:\/\/2021jlid.de\/wp-content\/uploads\/2021\/02\/Kanner_Festakt_1jpg-400x400.jpg 400w, https:\/\/2021jlid.de\/wp-content\/uploads\/2021\/02\/Kanner_Festakt_1jpg-200x200.jpg 200w, https:\/\/2021jlid.de\/wp-content\/uploads\/2021\/02\/Kanner_Festakt_1jpg-152x152.jpg 152w, https:\/\/2021jlid.de\/wp-content\/uploads\/2021\/02\/Kanner_Festakt_1jpg-76x76.jpg 76w, https:\/\/2021jlid.de\/wp-content\/uploads\/2021\/02\/Kanner_Festakt_1jpg.jpg 1080w\" sizes=\"(max-width: 1024px) 100vw, 1024px\" \/><\/figure><\/li><li class=\"blocks-gallery-item\"><figure><img loading=\"lazy\" width=\"1024\" height=\"1024\" src=\"https:\/\/2021jlid.de\/wp-content\/uploads\/2021\/02\/Fischer_Festakt_1-1024x1024.jpg\" alt=\"\" data-id=\"2544\" data-full-url=\"https:\/\/2021jlid.de\/wp-content\/uploads\/2021\/02\/Fischer_Festakt_1.jpg\" data-link=\"https:\/\/2021jlid.de\/en\/321-2021\/fischer_festakt_1-2\/\" class=\"wp-image-2544\" srcset=\"https:\/\/2021jlid.de\/wp-content\/uploads\/2021\/02\/Fischer_Festakt_1-1024x1024.jpg 1024w, https:\/\/2021jlid.de\/wp-content\/uploads\/2021\/02\/Fischer_Festakt_1-300x300.jpg 300w, https:\/\/2021jlid.de\/wp-content\/uploads\/2021\/02\/Fischer_Festakt_1-150x150.jpg 150w, https:\/\/2021jlid.de\/wp-content\/uploads\/2021\/02\/Fischer_Festakt_1-768x768.jpg 768w, https:\/\/2021jlid.de\/wp-content\/uploads\/2021\/02\/Fischer_Festakt_1-868x868.jpg 868w, https:\/\/2021jlid.de\/wp-content\/uploads\/2021\/02\/Fischer_Festakt_1-434x434.jpg 434w, https:\/\/2021jlid.de\/wp-content\/uploads\/2021\/02\/Fischer_Festakt_1-246x246.jpg 246w, https:\/\/2021jlid.de\/wp-content\/uploads\/2021\/02\/Fischer_Festakt_1-123x123.jpg 123w, https:\/\/2021jlid.de\/wp-content\/uploads\/2021\/02\/Fischer_Festakt_1-812x812.jpg 812w, https:\/\/2021jlid.de\/wp-content\/uploads\/2021\/02\/Fischer_Festakt_1-934x934.jpg 934w, https:\/\/2021jlid.de\/wp-content\/uploads\/2021\/02\/Fischer_Festakt_1-467x467.jpg 467w, https:\/\/2021jlid.de\/wp-content\/uploads\/2021\/02\/Fischer_Festakt_1-534x534.jpg 534w, https:\/\/2021jlid.de\/wp-content\/uploads\/2021\/02\/Fischer_Festakt_1-267x267.jpg 267w, https:\/\/2021jlid.de\/wp-content\/uploads\/2021\/02\/Fischer_Festakt_1-400x400.jpg 400w, https:\/\/2021jlid.de\/wp-content\/uploads\/2021\/02\/Fischer_Festakt_1-200x200.jpg 200w, https:\/\/2021jlid.de\/wp-content\/uploads\/2021\/02\/Fischer_Festakt_1-152x152.jpg 152w, https:\/\/2021jlid.de\/wp-content\/uploads\/2021\/02\/Fischer_Festakt_1-76x76.jpg 76w, https:\/\/2021jlid.de\/wp-content\/uploads\/2021\/02\/Fischer_Festakt_1.jpg 1080w\" sizes=\"(max-width: 1024px) 100vw, 1024px\" \/><\/figure><\/li><\/ul><\/figure>\n\n\n<div class='wp-block-jlid-vip-voice-teaser'><h2 class='teaser-headline teaser-h-theme-title'><strong>Speeches<\/strong>\u00a0<\/h2><div class='teaser-items-grid'><div class='jlid-voice-teaser-item'><div class='voice-teaser-picture'><img width=\"536\" height=\"306\" src=\"https:\/\/2021jlid.de\/wp-content\/uploads\/2021\/02\/Rede-Steinmeier-Festakt_web-\u00a9Melanie-Grande-536x306.jpg\" class=\"attachment-jlid_thumb_536_306 size-jlid_thumb_536_306 wp-post-image\" alt=\"\" loading=\"lazy\" srcset=\"https:\/\/2021jlid.de\/wp-content\/uploads\/2021\/02\/Rede-Steinmeier-Festakt_web-\u00a9Melanie-Grande-536x306.jpg 536w, https:\/\/2021jlid.de\/wp-content\/uploads\/2021\/02\/Rede-Steinmeier-Festakt_web-\u00a9Melanie-Grande-768x439.jpg 768w, https:\/\/2021jlid.de\/wp-content\/uploads\/2021\/02\/Rede-Steinmeier-Festakt_web-\u00a9Melanie-Grande-463x264.jpg 463w\" sizes=\"(max-width: 536px) 100vw, 536px\" \/><\/div><div class=\"voice-teaser-wrapper\"><div class='decoration pink'><svg xmlns=\"http:\/\/www.w3.org\/2000\/svg\"\n     class=\"angle-right\"\n     width=\"100%\"\n     height=\"100%\"\n     viewBox=\"50 0 50 100\"\n     preserveAspectRatio=\"none\">\n  <path d=\"M 0 100 L 100 0 L 100 100 Z\"\n        class=\"path\"\n        fill=\"#333333\"\/>\n<\/svg>\n<svg xmlns=\"http:\/\/www.w3.org\/2000\/svg\"\n     class=\"angle-left\"\n     width=\"100%\"\n     height=\"100%\"\n     viewBox=\"0 0 50 100\"\n     preserveAspectRatio=\"none\">\n  <path d=\"M 0 0 L 0 100 L 100 100 Z\"\n        class=\"path\"\n        fill=\"#333333\"\/>\n<\/svg>\n<\/div><div class='voice-teaser-name'>Speech by Frank-Walter Steinmeier<\/div><div class='voice-teaser-text'>When in the autumn of 1743, a 14-year-old boy came to Berlin, no one at the time could have guessed that he was to become one of the most important scholars of his day&#8230;<\/div><a class='voice-teaser-link' href='https:\/\/2021jlid.de\/en\/voices\/speech-by-frank-walter-steinmeier\/'>Learn more<\/a><\/div><\/div><div class='jlid-voice-teaser-item'><div class='voice-teaser-picture'><img width=\"536\" height=\"306\" src=\"https:\/\/2021jlid.de\/wp-content\/uploads\/2021\/02\/Reuven-Rivlin-Staatspraesident-Israels-536x306.png\" class=\"attachment-jlid_thumb_536_306 size-jlid_thumb_536_306 wp-post-image\" alt=\"\" loading=\"lazy\" srcset=\"https:\/\/2021jlid.de\/wp-content\/uploads\/2021\/02\/Reuven-Rivlin-Staatspraesident-Israels-536x306.png 536w, https:\/\/2021jlid.de\/wp-content\/uploads\/2021\/02\/Reuven-Rivlin-Staatspraesident-Israels-1072x612.png 1072w, https:\/\/2021jlid.de\/wp-content\/uploads\/2021\/02\/Reuven-Rivlin-Staatspraesident-Israels-926x528.png 926w, https:\/\/2021jlid.de\/wp-content\/uploads\/2021\/02\/Reuven-Rivlin-Staatspraesident-Israels-463x264.png 463w\" sizes=\"(max-width: 536px) 100vw, 536px\" \/><\/div><div class=\"voice-teaser-wrapper\"><div class='decoration green'><svg xmlns=\"http:\/\/www.w3.org\/2000\/svg\"\n     class=\"angle-right\"\n     width=\"100%\"\n     height=\"100%\"\n     viewBox=\"50 0 50 100\"\n     preserveAspectRatio=\"none\">\n  <path d=\"M 0 100 L 100 0 L 100 100 Z\"\n        class=\"path\"\n        fill=\"#333333\"\/>\n<\/svg>\n<svg xmlns=\"http:\/\/www.w3.org\/2000\/svg\"\n     class=\"angle-left\"\n     width=\"100%\"\n     height=\"100%\"\n     viewBox=\"0 0 50 100\"\n     preserveAspectRatio=\"none\">\n  <path d=\"M 0 0 L 0 100 L 100 100 Z\"\n        class=\"path\"\n        fill=\"#333333\"\/>\n<\/svg>\n<\/div><div class='voice-teaser-name'>Speech by Reuven Rivlin<\/div><div class='voice-teaser-text'>Liebe Freunde, die Geschichte und das Schicksal Deutschlands und die des j\u00fcdischen Volkes sind seit Jahrhunderten miteinander verkn\u00fcpft. Es gab Zeiten, in denen unsere gemeinsame Geschichte von Zusammenarbeit und Toleranz gepr\u00e4gt war. In Deutschland erbl\u00fchte und verbreitete sich &#8230;<\/div><a class='voice-teaser-link' href='https:\/\/2021jlid.de\/en\/voices\/die-rede-von-reuven-rivlin\/'>Learn more<\/a><\/div><\/div><div class='jlid-voice-teaser-item'><div class='voice-teaser-picture'><img width=\"536\" height=\"306\" src=\"https:\/\/2021jlid.de\/wp-content\/uploads\/2021\/02\/Rede-Schuster-Festakt_web-\u00a9Melanie-Grande-536x306.jpg\" class=\"attachment-jlid_thumb_536_306 size-jlid_thumb_536_306 wp-post-image\" alt=\"\" loading=\"lazy\" srcset=\"https:\/\/2021jlid.de\/wp-content\/uploads\/2021\/02\/Rede-Schuster-Festakt_web-\u00a9Melanie-Grande-536x306.jpg 536w, https:\/\/2021jlid.de\/wp-content\/uploads\/2021\/02\/Rede-Schuster-Festakt_web-\u00a9Melanie-Grande-768x439.jpg 768w, https:\/\/2021jlid.de\/wp-content\/uploads\/2021\/02\/Rede-Schuster-Festakt_web-\u00a9Melanie-Grande-463x264.jpg 463w\" sizes=\"(max-width: 536px) 100vw, 536px\" \/><\/div><div class=\"voice-teaser-wrapper\"><div class='decoration blue'><svg xmlns=\"http:\/\/www.w3.org\/2000\/svg\"\n     class=\"angle-right\"\n     width=\"100%\"\n     height=\"100%\"\n     viewBox=\"50 0 50 100\"\n     preserveAspectRatio=\"none\">\n  <path d=\"M 0 100 L 100 0 L 100 100 Z\"\n        class=\"path\"\n        fill=\"#333333\"\/>\n<\/svg>\n<svg xmlns=\"http:\/\/www.w3.org\/2000\/svg\"\n     class=\"angle-left\"\n     width=\"100%\"\n     height=\"100%\"\n     viewBox=\"0 0 50 100\"\n     preserveAspectRatio=\"none\">\n  <path d=\"M 0 0 L 0 100 L 100 100 Z\"\n        class=\"path\"\n        fill=\"#333333\"\/>\n<\/svg>\n<\/div><div class='voice-teaser-name'>Speech by Josef Schuster<\/div><div class='voice-teaser-text'>I am delighted that we are officially kicking off the 1700 Years of Jewish Life in Germany Year of Celebration today&#8230;<\/div><a class='voice-teaser-link' href='https:\/\/2021jlid.de\/en\/voices\/speech-by-josef-schuster\/'>Learn more<\/a><\/div><\/div><div class='jlid-voice-teaser-item'><div class='voice-teaser-picture'><img width=\"536\" height=\"306\" src=\"https:\/\/2021jlid.de\/wp-content\/uploads\/2021\/02\/Rede-Lehrer-Festakt_web-\u00a9Melanie-Grande-536x306.jpg\" class=\"attachment-jlid_thumb_536_306 size-jlid_thumb_536_306 wp-post-image\" alt=\"\" loading=\"lazy\" srcset=\"https:\/\/2021jlid.de\/wp-content\/uploads\/2021\/02\/Rede-Lehrer-Festakt_web-\u00a9Melanie-Grande-536x306.jpg 536w, https:\/\/2021jlid.de\/wp-content\/uploads\/2021\/02\/Rede-Lehrer-Festakt_web-\u00a9Melanie-Grande-1072x612.jpg 1072w, https:\/\/2021jlid.de\/wp-content\/uploads\/2021\/02\/Rede-Lehrer-Festakt_web-\u00a9Melanie-Grande-926x528.jpg 926w, https:\/\/2021jlid.de\/wp-content\/uploads\/2021\/02\/Rede-Lehrer-Festakt_web-\u00a9Melanie-Grande-463x264.jpg 463w\" sizes=\"(max-width: 536px) 100vw, 536px\" \/><\/div><div class=\"voice-teaser-wrapper\"><div class='decoration red'><svg xmlns=\"http:\/\/www.w3.org\/2000\/svg\"\n     class=\"angle-right\"\n     width=\"100%\"\n     height=\"100%\"\n     viewBox=\"50 0 50 100\"\n     preserveAspectRatio=\"none\">\n  <path d=\"M 0 100 L 100 0 L 100 100 Z\"\n        class=\"path\"\n        fill=\"#333333\"\/>\n<\/svg>\n<svg xmlns=\"http:\/\/www.w3.org\/2000\/svg\"\n     class=\"angle-left\"\n     width=\"100%\"\n     height=\"100%\"\n     viewBox=\"0 0 50 100\"\n     preserveAspectRatio=\"none\">\n  <path d=\"M 0 0 L 0 100 L 100 100 Z\"\n        class=\"path\"\n        fill=\"#333333\"\/>\n<\/svg>\n<\/div><div class='voice-teaser-name'>Speech by Abraham Lehrer<\/div><div class='voice-teaser-text'>In the year 321, the Cologne city council received an edict from Emperor Constantine that permitted Jews entrance into the Curia, affording them citizenship with &#8230;<\/div><a class='voice-teaser-link' href='https:\/\/2021jlid.de\/en\/voices\/speech-by-abraham-lehrer\/'>Learn more<\/a><\/div><\/div><div class='jlid-voice-teaser-item'><div class='voice-teaser-picture'><img width=\"536\" height=\"306\" src=\"https:\/\/2021jlid.de\/wp-content\/uploads\/2021\/02\/Armin-Laschet-Rede-536x306.png\" class=\"attachment-jlid_thumb_536_306 size-jlid_thumb_536_306 wp-post-image\" alt=\"\" loading=\"lazy\" srcset=\"https:\/\/2021jlid.de\/wp-content\/uploads\/2021\/02\/Armin-Laschet-Rede-536x306.png 536w, https:\/\/2021jlid.de\/wp-content\/uploads\/2021\/02\/Armin-Laschet-Rede-1072x612.png 1072w, https:\/\/2021jlid.de\/wp-content\/uploads\/2021\/02\/Armin-Laschet-Rede-926x528.png 926w, https:\/\/2021jlid.de\/wp-content\/uploads\/2021\/02\/Armin-Laschet-Rede-463x264.png 463w, https:\/\/2021jlid.de\/wp-content\/uploads\/2021\/02\/Armin-Laschet-Rede-76x43.png 76w\" sizes=\"(max-width: 536px) 100vw, 536px\" \/><\/div><div class=\"voice-teaser-wrapper\"><div class='decoration yellow'><svg xmlns=\"http:\/\/www.w3.org\/2000\/svg\"\n     class=\"angle-right\"\n     width=\"100%\"\n     height=\"100%\"\n     viewBox=\"50 0 50 100\"\n     preserveAspectRatio=\"none\">\n  <path d=\"M 0 100 L 100 0 L 100 100 Z\"\n        class=\"path\"\n        fill=\"#333333\"\/>\n<\/svg>\n<svg xmlns=\"http:\/\/www.w3.org\/2000\/svg\"\n     class=\"angle-left\"\n     width=\"100%\"\n     height=\"100%\"\n     viewBox=\"0 0 50 100\"\n     preserveAspectRatio=\"none\">\n  <path d=\"M 0 0 L 0 100 L 100 100 Z\"\n        class=\"path\"\n        fill=\"#333333\"\/>\n<\/svg>\n<\/div><div class='voice-teaser-name'>Speech by Armin Laschet<\/div><div class='voice-teaser-text'>For 1700 years, Judaism has been a fixed part of German history. We here in North Rhine-Westphalia, in the 75th year of our state, are especially proud that the first testimony &#8230;<\/div><a class='voice-teaser-link' href='https:\/\/2021jlid.de\/en\/voices\/speech-by-armin-laschet\/'>Learn more<\/a><\/div><\/div><div class='jlid-voice-teaser-item'><div class='voice-teaser-picture'><img width=\"536\" height=\"306\" src=\"https:\/\/2021jlid.de\/wp-content\/uploads\/2021\/02\/Henriette-Reker-536x306.png\" class=\"attachment-jlid_thumb_536_306 size-jlid_thumb_536_306 wp-post-image\" alt=\"\" loading=\"lazy\" srcset=\"https:\/\/2021jlid.de\/wp-content\/uploads\/2021\/02\/Henriette-Reker-536x306.png 536w, https:\/\/2021jlid.de\/wp-content\/uploads\/2021\/02\/Henriette-Reker-1072x612.png 1072w, https:\/\/2021jlid.de\/wp-content\/uploads\/2021\/02\/Henriette-Reker-926x528.png 926w, https:\/\/2021jlid.de\/wp-content\/uploads\/2021\/02\/Henriette-Reker-463x264.png 463w, https:\/\/2021jlid.de\/wp-content\/uploads\/2021\/02\/Henriette-Reker-76x43.png 76w\" sizes=\"(max-width: 536px) 100vw, 536px\" \/><\/div><div class=\"voice-teaser-wrapper\"><div class='decoration green'><svg xmlns=\"http:\/\/www.w3.org\/2000\/svg\"\n     class=\"angle-right\"\n     width=\"100%\"\n     height=\"100%\"\n     viewBox=\"50 0 50 100\"\n     preserveAspectRatio=\"none\">\n  <path d=\"M 0 100 L 100 0 L 100 100 Z\"\n        class=\"path\"\n        fill=\"#333333\"\/>\n<\/svg>\n<svg xmlns=\"http:\/\/www.w3.org\/2000\/svg\"\n     class=\"angle-left\"\n     width=\"100%\"\n     height=\"100%\"\n     viewBox=\"0 0 50 100\"\n     preserveAspectRatio=\"none\">\n  <path d=\"M 0 0 L 0 100 L 100 100 Z\"\n        class=\"path\"\n        fill=\"#333333\"\/>\n<\/svg>\n<\/div><div class='voice-teaser-name'>Quotes from Henriette Reker<\/div><div class='voice-teaser-text'>Cologne mayor Henriette Reker discusses Jewish life in Cologne from her personal point of view. She presents the archaeological zone by the courthouse in downtown Cologne. <\/div><a class='voice-teaser-link' href='https:\/\/2021jlid.de\/en\/voices\/quotes-from-henriette-reker\/'>Learn more<\/a><\/div><\/div><\/div><\/div>\n\n\n<div class=\"wp-block-jlid-headline-text teaser-align-center version-2\"><h2 class=\"teaser-headline\">OPENING CEREMONY<\/h2><h2 class=\"teaser-title\"><strong>A look behind the scenes<\/strong><\/h2><\/div>\n\n\n\n<div class=\"wp-block-jlid-slider\"><div class=\"teaser-full\"><div class=\"teaser-slider\">\n<div class=\"wp-block-jlid-slide\"><div class=\"slide-picture\"><img src=\"https:\/\/2021jlid.de\/wp-content\/uploads\/2021\/02\/Ankunft-Steinmeier-Synagoge-Koeln_web-\u00a9Melanie-Grande.jpg\"\/><\/div><\/div>\n\n\n\n<div class=\"wp-block-jlid-slide\"><div class=\"slide-picture\"><img src=\"https:\/\/2021jlid.de\/wp-content\/uploads\/2021\/02\/Im-Museum-des-Hauses_web-\u00a9Melanie-Grande-1.jpg\"\/><\/div><\/div>\n\n\n\n<div class=\"wp-block-jlid-slide\"><div class=\"slide-picture\"><img src=\"https:\/\/2021jlid.de\/wp-content\/uploads\/2021\/02\/Im-Eingang-der-Synagoge-Koeln_web-\u00a9Melanie-Grande.jpg\"\/><\/div><\/div>\n\n\n\n<div class=\"wp-block-jlid-slide\"><div class=\"slide-picture\"><img src=\"https:\/\/2021jlid.de\/wp-content\/uploads\/2021\/02\/Moderatorin-Shelly-Kupferberg-in-Maennersynagoge_web-\u00a9Melanie-Grande.jpg\"\/><\/div><\/div>\n\n\n\n<div class=\"wp-block-jlid-slide\"><div class=\"slide-picture\"><img src=\"https:\/\/2021jlid.de\/wp-content\/uploads\/2021\/02\/In-der-Judaica_web-\u00a9Melanie-Grande.jpg\"\/><\/div><\/div>\n\n\n\n<div class=\"wp-block-jlid-slide\"><div class=\"slide-picture\"><img src=\"https:\/\/2021jlid.de\/wp-content\/uploads\/2021\/02\/Gruppenbild-in-der-Maennersynagoge_web-\u00a9Melanie-Grande.jpg\"\/><\/div><\/div>\n\n\n\n<div class=\"wp-block-jlid-slide\"><div class=\"slide-picture\"><img src=\"https:\/\/2021jlid.de\/wp-content\/uploads\/2021\/02\/Schuster-Lehrer-vor-RollUps-\u00a9Melanie-Grande.jpg\"\/><\/div><\/div>\n\n\n\n<div class=\"wp-block-jlid-slide\"><div class=\"slide-picture\"><img src=\"https:\/\/2021jlid.de\/wp-content\/uploads\/2021\/02\/image00043.jpg\"\/><\/div><\/div>\n\n\n\n<div class=\"wp-block-jlid-slide\"><div class=\"slide-picture\"><img src=\"https:\/\/2021jlid.de\/wp-content\/uploads\/2021\/02\/image00032.jpg\"\/><\/div><\/div>\n\n\n\n<div class=\"wp-block-jlid-slide\"><div class=\"slide-picture\"><img src=\"https:\/\/2021jlid.de\/wp-content\/uploads\/2021\/02\/image00010.jpg\"\/><\/div><\/div>\n\n\n\n<div class=\"wp-block-jlid-slide\"><div class=\"slide-picture\"><img src=\"https:\/\/2021jlid.de\/wp-content\/uploads\/2021\/02\/image00012.jpg\"\/><\/div><\/div>\n\n\n\n<div class=\"wp-block-jlid-slide\"><div class=\"slide-picture\"><img src=\"https:\/\/2021jlid.de\/wp-content\/uploads\/2021\/02\/image00003.jpg\"\/><\/div><\/div>\n\n\n\n<div class=\"wp-block-jlid-slide\"><div class=\"slide-picture\"><img src=\"https:\/\/2021jlid.de\/wp-content\/uploads\/2021\/02\/image00023.jpg\"\/><\/div><\/div>\n\n\n\n<div class=\"wp-block-jlid-slide\"><div class=\"slide-picture\"><img src=\"https:\/\/2021jlid.de\/wp-content\/uploads\/2021\/02\/image00028.jpg\"\/><\/div><\/div>\n\n\n\n<div class=\"wp-block-jlid-slide\"><div class=\"slide-picture\"><img src=\"https:\/\/2021jlid.de\/wp-content\/uploads\/2021\/02\/image00024.jpg\"\/><\/div><\/div>\n<\/div><\/div><\/div>\n\n\n\n<div style=\"height:203px\" aria-hidden=\"true\" class=\"wp-block-spacer\"><\/div>\n","protected":false},"excerpt":{"rendered":"","protected":false},"author":1,"featured_media":351,"parent":0,"menu_order":0,"comment_status":"closed","ping_status":"closed","template":"templates\/content_page_template.php","meta":{"_relevanssi_hide_post":"","_relevanssi_pin_for_all":"","_relevanssi_pin_keywords":"","_relevanssi_unpin_keywords":"","_relevanssi_related_keywords":"","_relevanssi_related_include_ids":"","_relevanssi_related_exclude_ids":"","_relevanssi_related_no_append":"","_relevanssi_related_not_related":"","_relevanssi_related_posts":"","_relevanssi_noindex_reason":""},"yoast_head":"<!-- This site is optimized with the Yoast SEO plugin v19.4 - https:\/\/yoast.com\/wordpress\/plugins\/seo\/ -->\n<title>Opening Ceremony - JLID2021<\/title>\n<meta name=\"robots\" content=\"index, follow, max-snippet:-1, max-image-preview:large, max-video-preview:-1\" \/>\n<link rel=\"canonical\" href=\"https:\/\/2021jlid.de\/en\/321-2021\/\" \/>\n<meta property=\"og:locale\" content=\"en_US\" \/>\n<meta property=\"og:type\" content=\"article\" \/>\n<meta property=\"og:title\" content=\"Opening Ceremony - JLID2021\" \/>\n<meta property=\"og:url\" content=\"https:\/\/2021jlid.de\/en\/321-2021\/\" \/>\n<meta property=\"og:site_name\" content=\"JLID2021\" \/>\n<meta property=\"article:modified_time\" content=\"2021-04-19T13:42:33+00:00\" \/>\n<meta property=\"og:image\" content=\"https:\/\/2021jlid.de\/wp-content\/uploads\/2020\/11\/iStock-909121662_edit-1024x460.png\" \/>\n\t<meta property=\"og:image:width\" content=\"1024\" \/>\n\t<meta property=\"og:image:height\" content=\"460\" \/>\n\t<meta property=\"og:image:type\" content=\"image\/png\" \/>\n<meta name=\"twitter:card\" content=\"summary_large_image\" \/>\n<meta name=\"twitter:label1\" content=\"Est. reading time\" \/>\n\t<meta name=\"twitter:data1\" content=\"1 minute\" \/>\n<script type=\"application\/ld+json\" class=\"yoast-schema-graph\">{\"@context\":\"https:\/\/schema.org\",\"@graph\":[{\"@type\":\"WebSite\",\"@id\":\"https:\/\/2021jlid.de\/#website\",\"url\":\"https:\/\/2021jlid.de\/\",\"name\":\"JLID2021\",\"description\":\"J\u00fcdisches Leben in Deutschland\",\"potentialAction\":[{\"@type\":\"SearchAction\",\"target\":{\"@type\":\"EntryPoint\",\"urlTemplate\":\"https:\/\/2021jlid.de\/?s={search_term_string}\"},\"query-input\":\"required name=search_term_string\"}],\"inLanguage\":\"en-US\"},{\"@type\":\"WebPage\",\"@id\":\"https:\/\/2021jlid.de\/en\/321-2021\/\",\"url\":\"https:\/\/2021jlid.de\/en\/321-2021\/\",\"name\":\"Opening Ceremony - JLID2021\",\"isPartOf\":{\"@id\":\"https:\/\/2021jlid.de\/#website\"},\"datePublished\":\"2020-11-16T21:59:49+00:00\",\"dateModified\":\"2021-04-19T13:42:33+00:00\",\"breadcrumb\":{\"@id\":\"https:\/\/2021jlid.de\/en\/321-2021\/#breadcrumb\"},\"inLanguage\":\"en-US\",\"potentialAction\":[{\"@type\":\"ReadAction\",\"target\":[\"https:\/\/2021jlid.de\/en\/321-2021\/\"]}]},{\"@type\":\"BreadcrumbList\",\"@id\":\"https:\/\/2021jlid.de\/en\/321-2021\/#breadcrumb\",\"itemListElement\":[{\"@type\":\"ListItem\",\"position\":1,\"name\":\"Start\",\"item\":\"https:\/\/2021jlid.de\/en\/\"},{\"@type\":\"ListItem\",\"position\":2,\"name\":\"Opening Ceremony\"}]}]}<\/script>\n<!-- \/ Yoast SEO plugin. -->","yoast_head_json":{"title":"Opening Ceremony - JLID2021","robots":{"index":"index","follow":"follow","max-snippet":"max-snippet:-1","max-image-preview":"max-image-preview:large","max-video-preview":"max-video-preview:-1"},"canonical":"https:\/\/2021jlid.de\/en\/321-2021\/","og_locale":"en_US","og_type":"article","og_title":"Opening Ceremony - JLID2021","og_url":"https:\/\/2021jlid.de\/en\/321-2021\/","og_site_name":"JLID2021","article_modified_time":"2021-04-19T13:42:33+00:00","og_image":[{"width":1024,"height":460,"url":"https:\/\/2021jlid.de\/wp-content\/uploads\/2020\/11\/iStock-909121662_edit-1024x460.png","type":"image\/png"}],"twitter_card":"summary_large_image","twitter_misc":{"Est. reading time":"1 minute"},"schema":{"@context":"https:\/\/schema.org","@graph":[{"@type":"WebSite","@id":"https:\/\/2021jlid.de\/#website","url":"https:\/\/2021jlid.de\/","name":"JLID2021","description":"J\u00fcdisches Leben in Deutschland","potentialAction":[{"@type":"SearchAction","target":{"@type":"EntryPoint","urlTemplate":"https:\/\/2021jlid.de\/?s={search_term_string}"},"query-input":"required name=search_term_string"}],"inLanguage":"en-US"},{"@type":"WebPage","@id":"https:\/\/2021jlid.de\/en\/321-2021\/","url":"https:\/\/2021jlid.de\/en\/321-2021\/","name":"Opening Ceremony - JLID2021","isPartOf":{"@id":"https:\/\/2021jlid.de\/#website"},"datePublished":"2020-11-16T21:59:49+00:00","dateModified":"2021-04-19T13:42:33+00:00","breadcrumb":{"@id":"https:\/\/2021jlid.de\/en\/321-2021\/#breadcrumb"},"inLanguage":"en-US","potentialAction":[{"@type":"ReadAction","target":["https:\/\/2021jlid.de\/en\/321-2021\/"]}]},{"@type":"BreadcrumbList","@id":"https:\/\/2021jlid.de\/en\/321-2021\/#breadcrumb","itemListElement":[{"@type":"ListItem","position":1,"name":"Start","item":"https:\/\/2021jlid.de\/en\/"},{"@type":"ListItem","position":2,"name":"Opening Ceremony"}]}]}},"_links":{"self":[{"href":"https:\/\/2021jlid.de\/en\/wp-json\/wp\/v2\/pages\/62"}],"collection":[{"href":"https:\/\/2021jlid.de\/en\/wp-json\/wp\/v2\/pages"}],"about":[{"href":"https:\/\/2021jlid.de\/en\/wp-json\/wp\/v2\/types\/page"}],"author":[{"embeddable":true,"href":"https:\/\/2021jlid.de\/en\/wp-json\/wp\/v2\/users\/1"}],"replies":[{"embeddable":true,"href":"https:\/\/2021jlid.de\/en\/wp-json\/wp\/v2\/comments?post=62"}],"version-history":[{"count":31,"href":"https:\/\/2021jlid.de\/en\/wp-json\/wp\/v2\/pages\/62\/revisions"}],"predecessor-version":[{"id":4726,"href":"https:\/\/2021jlid.de\/en\/wp-json\/wp\/v2\/pages\/62\/revisions\/4726"}],"wp:featuredmedia":[{"embeddable":true,"href":"https:\/\/2021jlid.de\/en\/wp-json\/wp\/v2\/media\/351"}],"wp:attachment":[{"href":"https:\/\/2021jlid.de\/en\/wp-json\/wp\/v2\/media?parent=62"}],"curies":[{"name":"wp","href":"https:\/\/api.w.org\/{rel}","templated":true}]}}